{"id":4140,"date":"2017-05-21T21:13:29","date_gmt":"2017-05-21T21:13:29","guid":{"rendered":"http:\/\/aacippbc.com\/content\/italien\/?page_id=4140"},"modified":"2018-12-16T20:55:56","modified_gmt":"2018-12-16T20:55:56","slug":"valantini-clara","status":"publish","type":"page","link":"https:\/\/aacippbc.com\/content\/italien\/valantini-clara\/","title":{"rendered":"Valantini Clara"},"content":{"rendered":"<h4>Responsable du secteur sanitaire<\/h4>\n<p><img loading=\"lazy\" decoding=\"async\" class=\"wp-image-4029 size-medium alignleft\" src=\"http:\/\/aacippbc.com\/content\/italien\/wp-content\/uploads\/sites\/6\/2016\/11\/clara-valentini-640x640-300x300.jpg\" alt=\"\" width=\"300\" height=\"300\" srcset=\"https:\/\/aacippbc.com\/content\/italien\/wp-content\/uploads\/sites\/6\/2016\/11\/clara-valentini-640x640-300x300.jpg 300w, https:\/\/aacippbc.com\/content\/italien\/wp-content\/uploads\/sites\/6\/2016\/11\/clara-valentini-640x640-150x150.jpg 150w, https:\/\/aacippbc.com\/content\/italien\/wp-content\/uploads\/sites\/6\/2016\/11\/clara-valentini-640x640-440x440.jpg 440w, https:\/\/aacippbc.com\/content\/italien\/wp-content\/uploads\/sites\/6\/2016\/11\/clara-valentini-640x640-180x180.jpg 180w, https:\/\/aacippbc.com\/content\/italien\/wp-content\/uploads\/sites\/6\/2016\/11\/clara-valentini-640x640-600x600.jpg 600w, https:\/\/aacippbc.com\/content\/italien\/wp-content\/uploads\/sites\/6\/2016\/11\/clara-valentini-640x640.jpg 640w\" sizes=\"auto, (max-width: 300px) 100vw, 300px\" \/><\/p>\n<p>Medico di famiglia, la signora <strong>Valentini Clara<\/strong> \u00e8 laureata alla facolt\u00e0 di medicina e chirurgia della Universit\u00e0 degli Studi di Bologna, l\u2019una delle pi\u00f9 vecchie universit\u00e0 al mondo.<br \/>\nDottoressa Valentini Clara \u00e8 rappresentante del sindacato dei medici del suo distretto sanitario ed \u00e8 iscritta al FIMMG della sua Provincia (TE).<\/p>\n","protected":false},"excerpt":{"rendered":"<p>Responsable du secteur sanitaire Medico di famiglia, la signora Valentini Clara \u00e8 laureata alla facolt\u00e0 di medicina e chirurgia della Universit\u00e0 degli Studi di Bologna, l\u2019una delle pi\u00f9 vecchie universit\u00e0 al mondo. Dottoressa Valentini Clara \u00e8 rappresentante del sindacato dei medici del suo distretto sanitario ed \u00e8 iscritta al FIMMG della sua Provincia (TE).<\/p>\n","protected":false},"author":1,"featured_media":0,"parent":0,"menu_order":0,"comment_status":"closed","ping_status":"open","template":"","meta":{"footnotes":""},"class_list":["post-4140","page","type-page","status-publish","hentry"],"_links":{"self":[{"href":"https:\/\/aacippbc.com\/content\/italien\/wp-json\/wp\/v2\/pages\/4140","targetHints":{"allow":["GET"]}}],"collection":[{"href":"https:\/\/aacippbc.com\/content\/italien\/wp-json\/wp\/v2\/pages"}],"about":[{"href":"https:\/\/aacippbc.com\/content\/italien\/wp-json\/wp\/v2\/types\/page"}],"author":[{"embeddable":true,"href":"https:\/\/aacippbc.com\/content\/italien\/wp-json\/wp\/v2\/users\/1"}],"replies":[{"embeddable":true,"href":"https:\/\/aacippbc.com\/content\/italien\/wp-json\/wp\/v2\/comments?post=4140"}],"version-history":[{"count":6,"href":"https:\/\/aacippbc.com\/content\/italien\/wp-json\/wp\/v2\/pages\/4140\/revisions"}],"predecessor-version":[{"id":4735,"href":"https:\/\/aacippbc.com\/content\/italien\/wp-json\/wp\/v2\/pages\/4140\/revisions\/4735"}],"wp:attachment":[{"href":"https:\/\/aacippbc.com\/content\/italien\/wp-json\/wp\/v2\/media?parent=4140"}],"curies":[{"name":"wp","href":"https:\/\/api.w.org\/{rel}","templated":true}]}}